{"id":6341,"date":"2024-02-09T17:40:48","date_gmt":"2024-02-09T17:40:48","guid":{"rendered":"https:\/\/roma.education\/?page_id=6341"},"modified":"2025-05-15T09:00:42","modified_gmt":"2025-05-15T09:00:42","slug":"centre-for-innovations","status":"publish","type":"page","link":"https:\/\/roma.education\/ro\/centre-for-innovations\/","title":{"rendered":"Centrul pentru inovare"},"content":{"rendered":"\n<h2 class=\"wp-block-heading\"><strong>Consolidarea rezilien\u021bei prin transformarea digital\u0103<\/strong>: <strong>Noua strategie a Fondului pentru educa\u021bia romilor<\/strong> <\/h2>\n\n<div class=\"wp-block-media-text is-stacked-on-mobile\"><figure class=\"wp-block-media-text__media\"><img loading=\"lazy\" decoding=\"async\" width=\"683\" height=\"1024\" src=\"https:\/\/roma.education\/wp-content\/uploads\/2025\/02\/mahala-13-dec-27-683x1024.jpg\" alt=\"\" class=\"wp-image-11734 size-full\" srcset=\"https:\/\/roma.education\/wp-content\/uploads\/2025\/02\/mahala-13-dec-27-683x1024.jpg 683w, https:\/\/roma.education\/wp-content\/uploads\/2025\/02\/mahala-13-dec-27-200x300.jpg 200w, https:\/\/roma.education\/wp-content\/uploads\/2025\/02\/mahala-13-dec-27-768x1152.jpg 768w, https:\/\/roma.education\/wp-content\/uploads\/2025\/02\/mahala-13-dec-27-1024x1536.jpg 1024w, https:\/\/roma.education\/wp-content\/uploads\/2025\/02\/mahala-13-dec-27-1365x2048.jpg 1365w, https:\/\/roma.education\/wp-content\/uploads\/2025\/02\/mahala-13-dec-27-scaled.jpg 1707w\" sizes=\"auto, (max-width: 683px) 100vw, 683px\" \/><\/figure><div class=\"wp-block-media-text__content\">\n<p>\u00centr-o er\u0103 \u00een care tehnologia ne remodeleaz\u0103 rapid lumea, Roma Education Fund (REF) pune transformarea digital\u0103 \u00een centrul noii sale strategii. Recunosc\u00e2nd nevoia critic\u0103 de a construi rezilien\u021ba \u00een cadrul comunit\u0103\u021bilor de romi, REF lanseaz\u0103 programe educa\u021bionale de top concepute pentru a responsabiliza at\u00e2t copiii, c\u00e2t \u0219i adul\u021bii. Aceste ini\u021biative urm\u0103resc s\u0103 se asigure c\u0103 romii nu numai c\u0103 \u021bin pasul cu lumea bazat\u0103 pe tehnologie, dar \u0219i c\u0103 exceleaz\u0103 \u00een cadrul acesteia.    <\/p>\n<\/div><\/div>\n\n<p><\/p>\n\n<p>O component\u0103 cheie a acestei strategii este integrarea inteligen\u021bei artificiale de ultim\u0103 or\u0103 \u0219i a tehnologiilor digitale. Prin \u00eencorporarea IA \u00een programele noastre educa\u021bionale, echipa noastr\u0103 va putea s\u0103 ia deciziile corecte \u0219i s\u0103 echipeze comunit\u0103\u021bile de romi cu competen\u021bele necesare pentru a naviga \u0219i a prospera \u00een peisajul digital. Aceast\u0103 abordare orientat\u0103 spre viitor asigur\u0103 faptul c\u0103 participan\u021bii sunt bine preg\u0103ti\u021bi pentru provoc\u0103rile \u0219i oportunit\u0103\u021bile prezentate de lumea modern\u0103.    <\/p>\n\n<p>\u00cen plus fa\u021b\u0103 de aceste ini\u021biative educa\u021bionale, REF \u00eencheie parteneriate strategice pentru a-\u0219i promova misiunea. O colaborare notabil\u0103 este cea cu Accenture Rom\u00e2nia, care implementeaz\u0103 Academia de competen\u021be digitale din 2020. Acest parteneriat s-a extins recent pentru a include refugia\u021bi romi din Ucraina, care au fost sprijini\u021bi de REF timp de aproape doi ani. Ace\u0219ti adolescen\u021bi tocmai au \u00eenceput un nou program de formare de \u0219ase s\u0103pt\u0103m\u00e2ni condus de echipa de voluntari dedica\u021bi Academiei.     <\/p>\n\n<p>Colaborarea dintre Roma Education Fund \u0219i Accenture Rom\u00e2nia exemplific\u0103 puterea parteneriatului \u00een sprijinirea tinerilor vulnerabili \u0219i promovarea accesului egal la oportunit\u0103\u021bi de \u00eenv\u0103\u021bare \u0219i dezvoltare \u00een era digital\u0103. Lucr\u00e2nd \u00eempreun\u0103, aceste organiza\u021bii fac pa\u0219i importan\u021bi \u00een reducerea decalajului digital \u0219i \u00een promovarea unei comunit\u0103\u021bi de romi reziliente \u0219i pasionate de tehnologie.   <\/p>\n\n<p>Pe m\u0103sur\u0103 ce REF continu\u0103 s\u0103 implementeze programe educa\u021bionale de \u00eenalt\u0103 calitate, accentul r\u0103m\u00e2ne pus pe abilitarea persoanelor de etnie rom\u0103 de a valorifica fiecare instrument digital disponibil. Acest angajament fa\u021b\u0103 de transformarea digital\u0103 \u0219i consolidarea rezilien\u021bei nu \u00eenseamn\u0103 doar s\u0103 \u021bii pasul cu tehnologia, ci s\u0103 te asiguri c\u0103 comunit\u0103\u021bile de romi pot prospera \u0219i \u00eenflori \u00eentr-o lume \u00een continu\u0103 evolu\u021bie.   <\/p>\n\n<p>Ne imagin\u0103m o lume \u00een care comunit\u0103\u021bile de romi sunt celebrate ca surse bogate de cuno\u0219tin\u021be, creativitate \u0219i poten\u021bial. Abord\u0103rile noastre educa\u021bionale implic\u0103 \u00een mod activ cursan\u021bii prin experien\u021be din lumea real\u0103 \u0219i \u00eembun\u0103t\u0103\u021bite prin tehnologie. Credem c\u0103 un leadership inovator poate ap\u0103rea din locuri nea\u0219teptate, elimin\u00e2nd ierarhiile tradi\u021bionale ale cunoa\u0219terii. \u00cenv\u0103\u021barea, pentru noi, este un proces dinamic \u0219i colaborativ care echipeaz\u0103 indivizii \u0219i comunit\u0103\u021bile pentru a naviga \u00een complexitate \u0219i incertitudine. Ne concentr\u0103m asupra transform\u0103rii inova\u021biilor educa\u021bionale conduse de romi \u00een faruri ale excelen\u021bei, inspir\u00e2nd schimb\u0103ri sistemice \u00een contexte diverse.      <\/p>\n\n<p>Stanislav Daniel, \u0219eful de echip\u0103 al diviziei strategice a centrelor de educa\u021bie complementar\u0103 din cadrul re\u021belei Roma Education Fund.<\/p>\n","protected":false},"excerpt":{"rendered":"<p>Consolidarea rezilien\u021bei prin transformarea digital\u0103: Noua strategie a Fondului pentru educa\u021bia romilor \u00centr-o er\u0103 \u00een care tehnologia ne remodeleaz\u0103 rapid lumea, Roma Education Fund (REF) pune transformarea digital\u0103 \u00een centrul noii sale strategii. Recunosc\u00e2nd nevoia critic\u0103 de a construi rezilien\u021ba \u00een cadrul comunit\u0103\u021bilor de romi, REF lanseaz\u0103 programe educa\u021bionale de top concepute pentru a responsabiliza <a class=\"read-more-link\" href=\"https:\/\/roma.education\/ro\/centre-for-innovations\/\" title=\"Centrul pentru inovare\" rel=\"bookmark\" aria-label=\"[Cite\u0219te mai mult]\">[Cite\u0219te mai mult]<\/a><\/p>\n","protected":false},"author":1,"featured_media":0,"parent":0,"menu_order":0,"comment_status":"closed","ping_status":"closed","template":"","meta":{"_acf_changed":false,"footnotes":""},"class_list":["post-6341","page","type-page","status-publish","hentry"],"acf":[],"_links":{"self":[{"href":"https:\/\/roma.education\/ro\/wp-json\/wp\/v2\/pages\/6341","targetHints":{"allow":["GET"]}}],"collection":[{"href":"https:\/\/roma.education\/ro\/wp-json\/wp\/v2\/pages"}],"about":[{"href":"https:\/\/roma.education\/ro\/wp-json\/wp\/v2\/types\/page"}],"author":[{"embeddable":true,"href":"https:\/\/roma.education\/ro\/wp-json\/wp\/v2\/users\/1"}],"replies":[{"embeddable":true,"href":"https:\/\/roma.education\/ro\/wp-json\/wp\/v2\/comments?post=6341"}],"version-history":[{"count":4,"href":"https:\/\/roma.education\/ro\/wp-json\/wp\/v2\/pages\/6341\/revisions"}],"predecessor-version":[{"id":18259,"href":"https:\/\/roma.education\/ro\/wp-json\/wp\/v2\/pages\/6341\/revisions\/18259"}],"wp:attachment":[{"href":"https:\/\/roma.education\/ro\/wp-json\/wp\/v2\/media?parent=6341"}],"curies":[{"name":"wp","href":"https:\/\/api.w.org\/{rel}","templated":true}]}}